{"id":62,"date":"2018-12-10T14:37:01","date_gmt":"2018-12-10T14:37:01","guid":{"rendered":"http:\/\/nativaexcursiones.cl\/web\/?page_id=62"},"modified":"2018-12-21T12:36:28","modified_gmt":"2018-12-21T12:36:28","slug":"62-2","status":"publish","type":"page","link":"https:\/\/nativaexcursiones.cl\/web\/62-2\/","title":{"rendered":"Pu\u00f1ihuil &#8211; Mar Brava"},"content":{"rendered":"<p>[et_pb_section fb_built=\u00bb1&#8243; fullwidth=\u00bbon\u00bb _builder_version=\u00bb3.18.2&#8243; custom_padding=\u00bb0px|0px|0|0px|false|false\u00bb][et_pb_fullwidth_image src=\u00bbhttps:\/\/nativaexcursiones.cl\/web\/wp-content\/uploads\/2018\/12\/D-1.jpg\u00bb _builder_version=\u00bb3.18.2&#8243;][\/et_pb_fullwidth_image][\/et_pb_section][et_pb_section fb_built=\u00bb1&#8243; _builder_version=\u00bb3.18.2&#8243; custom_padding=\u00bb0|0px|0|0px|false|false\u00bb collapsed=\u00bbon\u00bb][et_pb_row _builder_version=\u00bb3.18.2&#8243;][et_pb_column type=\u00bb4_4&#8243; _builder_version=\u00bb3.18.2&#8243; parallax=\u00bboff\u00bb parallax_method=\u00bbon\u00bb][et_pb_text _builder_version=\u00bb3.18.2&#8243;]<\/p>\n<p><strong>Programa<\/strong><\/p>\n<p>&nbsp;<\/p>\n<p><span style=\"font-size: x-large;\"><strong>PU\u00d1IHUIL &#8211; MAR BRAVA <span style=\"color: rgba(102, 102, 102, 0.86);\">(2 D\u00edas y 1 Noche)<\/span><br \/><\/strong><\/span><\/p>\n<p>[\/et_pb_text][et_pb_gallery gallery_ids=\u00bb128&#8243; fullwidth=\u00bbon\u00bb _builder_version=\u00bb3.18.2&#8243;][\/et_pb_gallery][\/et_pb_column][\/et_pb_row][et_pb_row _builder_version=\u00bb3.18.2&#8243;][et_pb_column type=\u00bb1_2&#8243; _builder_version=\u00bb3.18.2&#8243; parallax=\u00bboff\u00bb parallax_method=\u00bbon\u00bb][et_pb_text _builder_version=\u00bb3.18.2&#8243;]<\/p>\n<p>Saliendo de la Caleta de Pu\u00f1ihuil rumbo al norte de la isla tomamos camino al sector de playa Mar Brava, la cual se caracteriza por la furia de su oleaje de las aguas del Oc\u00e9ano Pacifico. Dejaremos el veh\u00edculo para iniciar un trekking por la extensi\u00f3n de la playa, donde al sur de esta playa encontramos la piedra del Run<\/p>\n<p>[\/et_pb_text][\/et_pb_column][et_pb_column type=\u00bb1_2&#8243; _builder_version=\u00bb3.18.2&#8243; parallax=\u00bboff\u00bb parallax_method=\u00bbon\u00bb][et_pb_text _builder_version=\u00bb3.18.2&#8243;]<\/p>\n<p>que se sit\u00faa en el medio de las Quebradas de gran profundidad y debe su nombre al oleaje marino el viento sur producen al chocar con la enorme piedra, adem\u00e1s visitaremos los humedales aleda\u00f1os donde podemos hacer avistamiento de aves, tomaremos un descanso antes de emprender el regreso a Pu\u00f1ihuil.<\/p>\n<p>[\/et_pb_text][\/et_pb_column][\/et_pb_row][\/et_pb_section][et_pb_section fb_built=\u00bb1&#8243; _builder_version=\u00bb3.18.2&#8243; use_background_color_gradient=\u00bbon\u00bb background_color_gradient_start=\u00bb#c4b943&#8243; background_color_gradient_end=\u00bb#5c6c23&#8243; custom_padding=\u00bb0|0px|50.6px|0px|false|false\u00bb][et_pb_row _builder_version=\u00bb3.18.2&#8243;][et_pb_column type=\u00bb1_3&#8243; _builder_version=\u00bb3.18.2&#8243; parallax=\u00bboff\u00bb parallax_method=\u00bbon\u00bb][et_pb_text _builder_version=\u00bb3.18.2&#8243;]<\/p>\n<p><span style=\"color: #ffffff;\"><strong>Informaci\u00f3n Adicional<br \/> <\/strong><\/span><\/p>\n<p><span style=\"color: #ffffff;\">Duraci\u00f3n: 3 Horas<br \/><\/span><\/p>\n<p><span style=\"color: #ffffff;\">Dificultad : Baja &#8211; Media<br \/><\/span><\/p>\n<p><span style=\"color: #ffffff;\">Zapatos adecuados, ropa de agua o cortavientos, protector solar y botella de agua<\/span><\/p>\n<p><span style=\"color: #ffffff;\">\u00a0<\/span><\/p>\n<p><span style=\"color: #ffffff;\">\u00a0<\/span><\/p>\n<p>[\/et_pb_text][\/et_pb_column][et_pb_column type=\u00bb1_3&#8243; _builder_version=\u00bb3.18.2&#8243; parallax=\u00bboff\u00bb parallax_method=\u00bbon\u00bb][et_pb_text _builder_version=\u00bb3.18.2&#8243;]<\/p>\n<p><span style=\"color: #ffffff;\"><strong>Servicios Incluidos<br \/><\/strong><\/span><\/p>\n<p><span style=\"color: #ffffff;\">Traslados \u2013 Cena, Desayuno y Almuerzo \u2013 Alojamiento \u2013 Navegaci\u00f3n Laguna Coluco \u2013 Recorrido en tren \u2013 Gu\u00eda Ingl\u00e9s, Franc\u00e9s(Conocimiento primeros auxilios, historia local y flora y fauna) Snacks y aparejos<\/span><\/p>\n<p>&nbsp;<\/p>\n<p>[\/et_pb_text][\/et_pb_column][et_pb_column type=\u00bb1_3&#8243; _builder_version=\u00bb3.18.2&#8243; parallax=\u00bboff\u00bb parallax_method=\u00bbon\u00bb][et_pb_text _builder_version=\u00bb3.18.2&#8243;]<\/p>\n<p><span style=\"color: #ffffff;\"><strong>Mayor Informaci\u00f3n<\/strong><strong><br \/><\/strong><\/span><\/p>\n<p><span style=\"color: #ffffff;\">Descarga nuestro programa para mayor informaci\u00f3n.<\/span><\/p>\n<p>[\/et_pb_text][et_pb_button button_text=\u00bbDescarga Programa\u00bb _builder_version=\u00bb3.18.2&#8243; background_layout=\u00bbdark\u00bb][\/et_pb_button][\/et_pb_column][\/et_pb_row][\/et_pb_section][et_pb_section fb_built=\u00bb1&#8243; fullwidth=\u00bbon\u00bb _builder_version=\u00bb3.18.2&#8243;][et_pb_fullwidth_image src=\u00bbhttps:\/\/nativaexcursiones.cl\/web\/wp-content\/uploads\/2018\/12\/e.jpg\u00bb _builder_version=\u00bb3.18.2&#8243;][\/et_pb_fullwidth_image][\/et_pb_section]<\/p>\n","protected":false},"excerpt":{"rendered":"<p>[et_pb_section fb_built=\u00bb1&#8243; fullwidth=\u00bbon\u00bb _builder_version=\u00bb3.18.2&#8243; custom_padding=\u00bb0px|0px|0|0px|false|false\u00bb][et_pb_fullwidth_image src=\u00bbhttps:\/\/nativaexcursiones.cl\/web\/wp-content\/uploads\/2018\/12\/D-1.jpg\u00bb _builder_version=\u00bb3.18.2&#8243;][\/et_pb_fullwidth_image][\/et_pb_section][et_pb_section fb_built=\u00bb1&#8243; _builder_version=\u00bb3.18.2&#8243; custom_padding=\u00bb0|0px|0|0px|false|false\u00bb collapsed=\u00bbon\u00bb][et_pb_row _builder_version=\u00bb3.18.2&#8243;][et_pb_column type=\u00bb4_4&#8243; _builder_version=\u00bb3.18.2&#8243; parallax=\u00bboff\u00bb parallax_method=\u00bbon\u00bb][et_pb_text _builder_version=\u00bb3.18.2&#8243;] Programa &nbsp; PU\u00d1IHUIL &#8211; MAR BRAVA (2 D\u00edas y 1 Noche) [\/et_pb_text][et_pb_gallery gallery_ids=\u00bb128&#8243; fullwidth=\u00bbon\u00bb _builder_version=\u00bb3.18.2&#8243;][\/et_pb_gallery][\/et_pb_column][\/et_pb_row][et_pb_row _builder_version=\u00bb3.18.2&#8243;][et_pb_column type=\u00bb1_2&#8243; _builder_version=\u00bb3.18.2&#8243; parallax=\u00bboff\u00bb parallax_method=\u00bbon\u00bb][et_pb_text _builder_version=\u00bb3.18.2&#8243;] Saliendo de la Caleta de Pu\u00f1ihuil rumbo al norte de la isla tomamos camino al sector de [&hellip;]<\/p>\n","protected":false},"author":1,"featured_media":0,"parent":0,"menu_order":0,"comment_status":"closed","ping_status":"closed","template":"","meta":{"_et_pb_use_builder":"on","_et_pb_old_content":"","_et_gb_content_width":"","_joinchat":[]},"yoast_head":"<!-- This site is optimized with the Yoast SEO plugin v19.9 - https:\/\/yoast.com\/wordpress\/plugins\/seo\/ -->\n<title>Pu\u00f1ihuil - Mar Brava - Nativa excursiones<\/title>\n<meta name=\"robots\" content=\"index, follow, max-snippet:-1, max-image-preview:large, max-video-preview:-1\" \/>\n<link rel=\"canonical\" href=\"https:\/\/nativaexcursiones.cl\/web\/62-2\/\" \/>\n<meta property=\"og:locale\" content=\"es_ES\" \/>\n<meta property=\"og:type\" content=\"article\" \/>\n<meta property=\"og:title\" content=\"Pu\u00f1ihuil - Mar Brava - Nativa excursiones\" \/>\n<meta property=\"og:description\" content=\"[et_pb_section fb_built=\u00bb1&#8243; fullwidth=\u00bbon\u00bb _builder_version=\u00bb3.18.2&#8243; custom_padding=\u00bb0px|0px|0|0px|false|false\u00bb][et_pb_fullwidth_image src=\u00bbhttps:\/\/nativaexcursiones.cl\/web\/wp-content\/uploads\/2018\/12\/D-1.jpg\u00bb _builder_version=\u00bb3.18.2&#8243;][\/et_pb_fullwidth_image][\/et_pb_section][et_pb_section fb_built=\u00bb1&#8243; _builder_version=\u00bb3.18.2&#8243; custom_padding=\u00bb0|0px|0|0px|false|false\u00bb collapsed=\u00bbon\u00bb][et_pb_row _builder_version=\u00bb3.18.2&#8243;][et_pb_column type=\u00bb4_4&#8243; _builder_version=\u00bb3.18.2&#8243; parallax=\u00bboff\u00bb parallax_method=\u00bbon\u00bb][et_pb_text _builder_version=\u00bb3.18.2&#8243;] Programa &nbsp; PU\u00d1IHUIL &#8211; MAR BRAVA (2 D\u00edas y 1 Noche) [\/et_pb_text][et_pb_gallery gallery_ids=\u00bb128&#8243; fullwidth=\u00bbon\u00bb _builder_version=\u00bb3.18.2&#8243;][\/et_pb_gallery][\/et_pb_column][\/et_pb_row][et_pb_row _builder_version=\u00bb3.18.2&#8243;][et_pb_column type=\u00bb1_2&#8243; _builder_version=\u00bb3.18.2&#8243; parallax=\u00bboff\u00bb parallax_method=\u00bbon\u00bb][et_pb_text _builder_version=\u00bb3.18.2&#8243;] Saliendo de la Caleta de Pu\u00f1ihuil rumbo al norte de la isla tomamos camino al sector de [&hellip;]\" \/>\n<meta property=\"og:url\" content=\"https:\/\/nativaexcursiones.cl\/web\/62-2\/\" \/>\n<meta property=\"og:site_name\" content=\"Nativa excursiones\" \/>\n<meta property=\"article:modified_time\" content=\"2018-12-21T12:36:28+00:00\" \/>\n<meta name=\"twitter:card\" content=\"summary_large_image\" \/>\n<meta name=\"twitter:label1\" content=\"Tiempo de lectura\" \/>\n\t<meta name=\"twitter:data1\" content=\"3 minutos\" \/>\n<script type=\"application\/ld+json\" class=\"yoast-schema-graph\">{\"@context\":\"https:\/\/schema.org\",\"@graph\":[{\"@type\":\"WebPage\",\"@id\":\"https:\/\/nativaexcursiones.cl\/web\/62-2\/\",\"url\":\"https:\/\/nativaexcursiones.cl\/web\/62-2\/\",\"name\":\"Pu\u00f1ihuil - Mar Brava - Nativa excursiones\",\"isPartOf\":{\"@id\":\"https:\/\/nativaexcursiones.cl\/web\/#website\"},\"datePublished\":\"2018-12-10T14:37:01+00:00\",\"dateModified\":\"2018-12-21T12:36:28+00:00\",\"breadcrumb\":{\"@id\":\"https:\/\/nativaexcursiones.cl\/web\/62-2\/#breadcrumb\"},\"inLanguage\":\"es\",\"potentialAction\":[{\"@type\":\"ReadAction\",\"target\":[\"https:\/\/nativaexcursiones.cl\/web\/62-2\/\"]}]},{\"@type\":\"BreadcrumbList\",\"@id\":\"https:\/\/nativaexcursiones.cl\/web\/62-2\/#breadcrumb\",\"itemListElement\":[{\"@type\":\"ListItem\",\"position\":1,\"name\":\"Portada\",\"item\":\"https:\/\/nativaexcursiones.cl\/web\/\"},{\"@type\":\"ListItem\",\"position\":2,\"name\":\"Pu\u00f1ihuil &#8211; Mar Brava\"}]},{\"@type\":\"WebSite\",\"@id\":\"https:\/\/nativaexcursiones.cl\/web\/#website\",\"url\":\"https:\/\/nativaexcursiones.cl\/web\/\",\"name\":\"Nativa excursiones\",\"description\":\"Tours en Pu\u00f1ihuil\",\"potentialAction\":[{\"@type\":\"SearchAction\",\"target\":{\"@type\":\"EntryPoint\",\"urlTemplate\":\"https:\/\/nativaexcursiones.cl\/web\/?s={search_term_string}\"},\"query-input\":\"required name=search_term_string\"}],\"inLanguage\":\"es\"}]}<\/script>\n<!-- \/ Yoast SEO plugin. -->","yoast_head_json":{"title":"Pu\u00f1ihuil - Mar Brava - Nativa excursiones","robots":{"index":"index","follow":"follow","max-snippet":"max-snippet:-1","max-image-preview":"max-image-preview:large","max-video-preview":"max-video-preview:-1"},"canonical":"https:\/\/nativaexcursiones.cl\/web\/62-2\/","og_locale":"es_ES","og_type":"article","og_title":"Pu\u00f1ihuil - Mar Brava - Nativa excursiones","og_description":"[et_pb_section fb_built=\u00bb1&#8243; fullwidth=\u00bbon\u00bb _builder_version=\u00bb3.18.2&#8243; custom_padding=\u00bb0px|0px|0|0px|false|false\u00bb][et_pb_fullwidth_image src=\u00bbhttps:\/\/nativaexcursiones.cl\/web\/wp-content\/uploads\/2018\/12\/D-1.jpg\u00bb _builder_version=\u00bb3.18.2&#8243;][\/et_pb_fullwidth_image][\/et_pb_section][et_pb_section fb_built=\u00bb1&#8243; _builder_version=\u00bb3.18.2&#8243; custom_padding=\u00bb0|0px|0|0px|false|false\u00bb collapsed=\u00bbon\u00bb][et_pb_row _builder_version=\u00bb3.18.2&#8243;][et_pb_column type=\u00bb4_4&#8243; _builder_version=\u00bb3.18.2&#8243; parallax=\u00bboff\u00bb parallax_method=\u00bbon\u00bb][et_pb_text _builder_version=\u00bb3.18.2&#8243;] Programa &nbsp; PU\u00d1IHUIL &#8211; MAR BRAVA (2 D\u00edas y 1 Noche) [\/et_pb_text][et_pb_gallery gallery_ids=\u00bb128&#8243; fullwidth=\u00bbon\u00bb _builder_version=\u00bb3.18.2&#8243;][\/et_pb_gallery][\/et_pb_column][\/et_pb_row][et_pb_row _builder_version=\u00bb3.18.2&#8243;][et_pb_column type=\u00bb1_2&#8243; _builder_version=\u00bb3.18.2&#8243; parallax=\u00bboff\u00bb parallax_method=\u00bbon\u00bb][et_pb_text _builder_version=\u00bb3.18.2&#8243;] Saliendo de la Caleta de Pu\u00f1ihuil rumbo al norte de la isla tomamos camino al sector de [&hellip;]","og_url":"https:\/\/nativaexcursiones.cl\/web\/62-2\/","og_site_name":"Nativa excursiones","article_modified_time":"2018-12-21T12:36:28+00:00","twitter_card":"summary_large_image","twitter_misc":{"Tiempo de lectura":"3 minutos"},"schema":{"@context":"https:\/\/schema.org","@graph":[{"@type":"WebPage","@id":"https:\/\/nativaexcursiones.cl\/web\/62-2\/","url":"https:\/\/nativaexcursiones.cl\/web\/62-2\/","name":"Pu\u00f1ihuil - Mar Brava - Nativa excursiones","isPartOf":{"@id":"https:\/\/nativaexcursiones.cl\/web\/#website"},"datePublished":"2018-12-10T14:37:01+00:00","dateModified":"2018-12-21T12:36:28+00:00","breadcrumb":{"@id":"https:\/\/nativaexcursiones.cl\/web\/62-2\/#breadcrumb"},"inLanguage":"es","potentialAction":[{"@type":"ReadAction","target":["https:\/\/nativaexcursiones.cl\/web\/62-2\/"]}]},{"@type":"BreadcrumbList","@id":"https:\/\/nativaexcursiones.cl\/web\/62-2\/#breadcrumb","itemListElement":[{"@type":"ListItem","position":1,"name":"Portada","item":"https:\/\/nativaexcursiones.cl\/web\/"},{"@type":"ListItem","position":2,"name":"Pu\u00f1ihuil &#8211; Mar Brava"}]},{"@type":"WebSite","@id":"https:\/\/nativaexcursiones.cl\/web\/#website","url":"https:\/\/nativaexcursiones.cl\/web\/","name":"Nativa excursiones","description":"Tours en Pu\u00f1ihuil","potentialAction":[{"@type":"SearchAction","target":{"@type":"EntryPoint","urlTemplate":"https:\/\/nativaexcursiones.cl\/web\/?s={search_term_string}"},"query-input":"required name=search_term_string"}],"inLanguage":"es"}]}},"_links":{"self":[{"href":"https:\/\/nativaexcursiones.cl\/web\/wp-json\/wp\/v2\/pages\/62"}],"collection":[{"href":"https:\/\/nativaexcursiones.cl\/web\/wp-json\/wp\/v2\/pages"}],"about":[{"href":"https:\/\/nativaexcursiones.cl\/web\/wp-json\/wp\/v2\/types\/page"}],"author":[{"embeddable":true,"href":"https:\/\/nativaexcursiones.cl\/web\/wp-json\/wp\/v2\/users\/1"}],"replies":[{"embeddable":true,"href":"https:\/\/nativaexcursiones.cl\/web\/wp-json\/wp\/v2\/comments?post=62"}],"version-history":[{"count":6,"href":"https:\/\/nativaexcursiones.cl\/web\/wp-json\/wp\/v2\/pages\/62\/revisions"}],"predecessor-version":[{"id":237,"href":"https:\/\/nativaexcursiones.cl\/web\/wp-json\/wp\/v2\/pages\/62\/revisions\/237"}],"wp:attachment":[{"href":"https:\/\/nativaexcursiones.cl\/web\/wp-json\/wp\/v2\/media?parent=62"}],"curies":[{"name":"wp","href":"https:\/\/api.w.org\/{rel}","templated":true}]}}